{"id":12,"date":"2019-12-29T10:25:18","date_gmt":"2019-12-29T09:25:18","guid":{"rendered":"https:\/\/www.prewencja.ptkardio.pl\/?page_id=12"},"modified":"2021-12-20T18:02:01","modified_gmt":"2021-12-20T17:02:01","slug":"kalendarium","status":"publish","type":"page","link":"https:\/\/prewencja.ptkardio.pl\/?page_id=12","title":{"rendered":"Kalendarium"},"content":{"rendered":"<div class=\"wp-block-calendar\"><table id=\"wp-calendar\" class=\"wp-calendar-table\">\n\t<caption>maj 2026<\/caption>\n\t<thead>\n\t<tr>\n\t\t<th scope=\"col\" aria-label=\"poniedzia\u0142ek\">P<\/th>\n\t\t<th scope=\"col\" aria-label=\"wtorek\">W<\/th>\n\t\t<th scope=\"col\" aria-label=\"\u015broda\">\u015a<\/th>\n\t\t<th scope=\"col\" aria-label=\"czwartek\">C<\/th>\n\t\t<th scope=\"col\" aria-label=\"pi\u0105tek\">P<\/th>\n\t\t<th scope=\"col\" aria-label=\"sobota\">S<\/th>\n\t\t<th scope=\"col\" aria-label=\"niedziela\">N<\/th>\n\t<\/tr>\n\t<\/thead>\n\t<tbody>\n\t<tr>\n\t\t<td colspan=\"4\" class=\"pad\">&nbsp;<\/td><td>1<\/td><td id=\"today\">2<\/td><td>3<\/td>\n\t<\/tr>\n\t<tr>\n\t\t<td>4<\/td><td>5<\/td><td>6<\/td><td>7<\/td><td>8<\/td><td>9<\/td><td>10<\/td>\n\t<\/tr>\n\t<tr>\n\t\t<td>11<\/td><td>12<\/td><td>13<\/td><td>14<\/td><td>15<\/td><td>16<\/td><td>17<\/td>\n\t<\/tr>\n\t<tr>\n\t\t<td>18<\/td><td>19<\/td><td>20<\/td><td>21<\/td><td>22<\/td><td>23<\/td><td>24<\/td>\n\t<\/tr>\n\t<tr>\n\t\t<td>25<\/td><td>26<\/td><td>27<\/td><td>28<\/td><td>29<\/td><td>30<\/td><td>31<\/td>\n\t<\/tr>\n\t<\/tbody>\n\t<\/table><nav aria-label=\"Poprzednie i nast\u0119pne miesi\u0105ce\" class=\"wp-calendar-nav\">\n\t\t<span class=\"wp-calendar-nav-prev\"><a href=\"https:\/\/prewencja.ptkardio.pl\/?m=201912\">&laquo; gru<\/a><\/span>\n\t\t<span class=\"pad\">&nbsp;<\/span>\n\t\t<span class=\"wp-calendar-nav-next\">&nbsp;<\/span>\n\t<\/nav><\/div>\n\n\n<h4 class=\"wp-block-heading\">Najbli\u017csze wydarzenia<\/h4>\n\n\n\n<p><\/p>\n\n\n\n<p>19.11.2020 &#8211; 20.11.2021<br><strong>XIV Konferencja Sekcji Prewencji i Epidemiologii &#8222;Kardiologia Prewencyjna&#8221;<\/strong> Krak\u00f3w<\/p>\n\n\n\n<p>23.09.2020 &#8211; 29.09.2021<br><strong>XXIV Mi\u0119dzynarodowy Kongres PTK<\/strong><br>Pozna\u0144<\/p>\n\n\n\n<p>28.05.2020 &#8211; 29.05.2021<br><strong>24 Sympozjum Sekcji Rehabilitacji Kardiologicznej i Fizjologii Wysi\u0142ku PTK<\/strong><br>ONLINE<\/p>\n\n\n\n<p>15.04. 2020 &#8211; 15.04.2021<br><strong>ESC Preventive Cardiology 202<\/strong>1<br>ONLINE<\/p>\n\n\n\n<p><\/p>\n","protected":false},"excerpt":{"rendered":"<p>Najbli\u017csze wydarzenia 19.11.2020 &#8211; 20.11.2021XIV Konferencja Sekcji Prewencji i Epidemiologii &#8222;Kardiologia Prewencyjna&#8221; Krak\u00f3w 23.09.2020 &#8211; 29.09.2021XXIV Mi\u0119dzynarodowy Kongres PTKPozna\u0144 28.05.2020 [&hellip;]<\/p>\n","protected":false},"author":1,"featured_media":0,"parent":0,"menu_order":0,"comment_status":"closed","ping_status":"closed","template":"","meta":{"footnotes":""},"class_list":["post-12","page","type-page","status-publish","hentry"],"_links":{"self":[{"href":"https:\/\/prewencja.ptkardio.pl\/index.php?rest_route=\/wp\/v2\/pages\/12","targetHints":{"allow":["GET"]}}],"collection":[{"href":"https:\/\/prewencja.ptkardio.pl\/index.php?rest_route=\/wp\/v2\/pages"}],"about":[{"href":"https:\/\/prewencja.ptkardio.pl\/index.php?rest_route=\/wp\/v2\/types\/page"}],"author":[{"embeddable":true,"href":"https:\/\/prewencja.ptkardio.pl\/index.php?rest_route=\/wp\/v2\/users\/1"}],"replies":[{"embeddable":true,"href":"https:\/\/prewencja.ptkardio.pl\/index.php?rest_route=%2Fwp%2Fv2%2Fcomments&post=12"}],"version-history":[{"count":14,"href":"https:\/\/prewencja.ptkardio.pl\/index.php?rest_route=\/wp\/v2\/pages\/12\/revisions"}],"predecessor-version":[{"id":595,"href":"https:\/\/prewencja.ptkardio.pl\/index.php?rest_route=\/wp\/v2\/pages\/12\/revisions\/595"}],"wp:attachment":[{"href":"https:\/\/prewencja.ptkardio.pl\/index.php?rest_route=%2Fwp%2Fv2%2Fmedia&parent=12"}],"curies":[{"name":"wp","href":"https:\/\/api.w.org\/{rel}","templated":true}]}}